{"id":32231,"date":"2018-11-22T11:54:25","date_gmt":"2018-11-22T10:54:25","guid":{"rendered":"https:\/\/capacitador.info\/project\/como-vender-el-trabajo-realizado-en-la-legislatura-municipal\/"},"modified":"2022-06-23T17:57:40","modified_gmt":"2022-06-23T15:57:40","slug":"como-vender-el-trabajo-realizado-en-la-legislatura-municipal","status":"publish","type":"project","link":"https:\/\/capacitador.info\/es\/project\/como-vender-el-trabajo-realizado-en-la-legislatura-municipal\/","title":{"rendered":"C\u00f3mo \u00abvender\u00bb el trabajo realizado en la legislatura municipal"},"content":{"rendered":"<p>[et_pb_section fb_built=\u00bb1&#8243; admin_label=\u00bbsection\u00bb _builder_version=\u00bb4.16&#8243; global_colors_info=\u00bb{}\u00bb][et_pb_row admin_label=\u00bbrow\u00bb _builder_version=\u00bb4.16&#8243; background_size=\u00bbinitial\u00bb background_position=\u00bbtop_left\u00bb background_repeat=\u00bbrepeat\u00bb global_colors_info=\u00bb{}\u00bb][et_pb_column type=\u00bb4_4&#8243; _builder_version=\u00bb4.16&#8243; custom_padding=\u00bb|||\u00bb global_colors_info=\u00bb{}\u00bb custom_padding__hover=\u00bb|||\u00bb][et_pb_text admin_label=\u00bbText\u00bb _builder_version=\u00bb4.17.3&#8243; background_size=\u00bbinitial\u00bb background_position=\u00bbtop_left\u00bb background_repeat=\u00bbrepeat\u00bb hover_enabled=\u00bb0&#8243; global_colors_info=\u00bb{}\u00bb sticky_enabled=\u00bb0&#8243;]<\/p>\n<p>Hacer una buena gesti\u00f3n municipal (o un buen papel en la oposici\u00f3n) no es suficiente para que los votantes vuelvan a repetir la opci\u00f3n pol\u00edtica (o incrementar los votantes) de 2015. Adem\u00e1s, hace falta:<\/p>\n<ul>\n<li>Que conozcan lo qu\u00e9 se ha hecho.<\/li>\n<li>Que valoren positivamente lo que se ha hecho.<\/li>\n<\/ul>\n<p>En este taller de cuatro horas propongo:<\/p>\n<ul>\n<li>Visibilizar lo conseguido y hacerlo patente para que el vecindario lo diferencie de las pol\u00edticas otros partidos.<\/li>\n<li>Saber utilizar el lenguaje adecuadamente para transmitir el valor y que llegue a la ciudadan\u00eda y vuelva a votar.<\/li>\n<li>Incrementar entre la militancia el sentido de todo lo que se ha conseguido, que el trabajo de 3 a\u00f1os y medio ha valido la pena. Esto facilita el aumento de la satisfacci\u00f3n del trabajo bien hecho y el poder transmitir entusiasmo a la ciudadan\u00eda.<\/li>\n<li>Aprender a escuchar los votantes para saber qu\u00e9 vocabulario emplean, puesto que su uso tendr\u00e1 m\u00e1s impacto en los mensajes.<\/li>\n<li>Identificar diferentes perfiles de votantes para comunicarse m\u00e1s acertadamente.<\/li>\n<li>Identificar ideas desacertadas que limitan la comunicaci\u00f3n eficaz.<\/li>\n<li>Enfoques por fidelizar los votantes.<\/li>\n<\/ul>\n<p>El taller lo impartir\u00e9 en viernes 23 de noviembre de 2018 de 5 a 9 de la tarde en mi centro de Marqu\u00e9s de Lozoya, 1 puerta 1 de Val\u00e8ncia.<\/p>\n<p>Si conoces alguien que le pueda interesar, env\u00edale esta informaci\u00f3n.<\/p>\n<p>[\/et_pb_text][\/et_pb_column][\/et_pb_row][\/et_pb_section]<\/p>\n","protected":false},"excerpt":{"rendered":"<p>[et_pb_section fb_built=\u00bb1&#8243; admin_label=\u00bbsection\u00bb _builder_version=\u00bb4.16&#8243; global_colors_info=\u00bb{}\u00bb][et_pb_row admin_label=\u00bbrow\u00bb _builder_version=\u00bb4.16&#8243; background_size=\u00bbinitial\u00bb background_position=\u00bbtop_left\u00bb background_repeat=\u00bbrepeat\u00bb global_colors_info=\u00bb{}\u00bb][et_pb_column type=\u00bb4_4&#8243; _builder_version=\u00bb4.16&#8243; custom_padding=\u00bb|||\u00bb global_colors_info=\u00bb{}\u00bb custom_padding__hover=\u00bb|||\u00bb][et_pb_text admin_label=\u00bbText\u00bb _builder_version=\u00bb4.17.3&#8243; background_size=\u00bbinitial\u00bb background_position=\u00bbtop_left\u00bb background_repeat=\u00bbrepeat\u00bb hover_enabled=\u00bb0&#8243; global_colors_info=\u00bb{}\u00bb sticky_enabled=\u00bb0&#8243;] Hacer una buena gesti\u00f3n municipal (o un buen papel en la oposici\u00f3n) no es suficiente para que los votantes vuelvan a repetir la opci\u00f3n pol\u00edtica (o incrementar los votantes) de 2015. [&hellip;]<\/p>\n","protected":false},"author":1,"featured_media":33510,"comment_status":"open","ping_status":"closed","template":"","meta":{"_et_pb_use_builder":"","_et_pb_old_content":"Hacer una buena gesti\u00f3n municipal (o un buen papel en la oposici\u00f3n) no es suficiente para que los votantes vuelven a repetir la opci\u00f3n pol\u00edtica (o incrementar los votantes) de 2015. Adem\u00e1s hace falta:\r\n<ul>\r\n \t<li>Que conozcan lo qu\u00e9 se ha hecho.<\/li>\r\n \t<li>Que valoran positivamente lo qu\u00e9 se ha hecho.<\/li>\r\n<\/ul>\r\nEn este taller de cuatro horas propongo:\r\n<ul>\r\n \t<li>Visibilizar lo conseguido y hacerlo patente para el vecindario lo diferencie de pol\u00edticas otros partidos.<\/li>\r\n \t<li>Saber utilizar el lenguaje adecuadamente para transmitir el valor y que llegue a la ciudadan\u00eda y vuelva a votar.<\/li>\r\n \t<li>Incrementar entre la militancia el sentido de todo lo que se ha conseguido que el trabajo de 3 a\u00f1os y medio a valido la pena. Esto facilita el aumento de la satisfacci\u00f3n del trabajo bien hecho y el poder transmitir entusiasmo a la ciudadan\u00eda.<\/li>\r\n \t<li>Aprender a escuchar los votantes para saber qu\u00e9 vocabulario utilizan, puesto que su uso tendr\u00e1 m\u00e1s impacto en los mensajes.<\/li>\r\n \t<li>Identificar diferentes perfiles de votantes para comunicarse m\u00e1s acertadamente.<\/li>\r\n \t<li>Identificar ideas desacertadas que limitan la comunicaci\u00f3n eficaz.<\/li>\r\n \t<li>Enfoques por fidelizar los votantes.<\/li>\r\n<\/ul>\r\nEl taller lo impartir\u00e9 en viernes 23 de noviembre de 2018 de 5 a 9 de la tarde en mi centro de Marqu\u00e9s de Lozoya, 1 puerta 1 de Val\u00e8ncia.\r\n\r\nSi conoces alguien que le pueda interesar, env\u00edale esta informaci\u00f3n.","_et_gb_content_width":"","_joinchat":[],"footnotes":""},"project_category":[],"project_tag":[],"class_list":["post-32231","project","type-project","status-publish","has-post-thumbnail","hentry"],"aioseo_notices":[],"_links":{"self":[{"href":"https:\/\/capacitador.info\/es\/wp-json\/wp\/v2\/project\/32231","targetHints":{"allow":["GET"]}}],"collection":[{"href":"https:\/\/capacitador.info\/es\/wp-json\/wp\/v2\/project"}],"about":[{"href":"https:\/\/capacitador.info\/es\/wp-json\/wp\/v2\/types\/project"}],"author":[{"embeddable":true,"href":"https:\/\/capacitador.info\/es\/wp-json\/wp\/v2\/users\/1"}],"replies":[{"embeddable":true,"href":"https:\/\/capacitador.info\/es\/wp-json\/wp\/v2\/comments?post=32231"}],"version-history":[{"count":0,"href":"https:\/\/capacitador.info\/es\/wp-json\/wp\/v2\/project\/32231\/revisions"}],"wp:featuredmedia":[{"embeddable":true,"href":"https:\/\/capacitador.info\/es\/wp-json\/wp\/v2\/media\/33510"}],"wp:attachment":[{"href":"https:\/\/capacitador.info\/es\/wp-json\/wp\/v2\/media?parent=32231"}],"wp:term":[{"taxonomy":"project_category","embeddable":true,"href":"https:\/\/capacitador.info\/es\/wp-json\/wp\/v2\/project_category?post=32231"},{"taxonomy":"project_tag","embeddable":true,"href":"https:\/\/capacitador.info\/es\/wp-json\/wp\/v2\/project_tag?post=32231"}],"curies":[{"name":"wp","href":"https:\/\/api.w.org\/{rel}","templated":true}]}}