{"id":31982,"date":"2018-10-14T22:59:49","date_gmt":"2018-10-14T20:59:49","guid":{"rendered":"https:\/\/capacitador.info\/politica-de-privacidad\/"},"modified":"2023-09-08T09:46:40","modified_gmt":"2023-09-08T07:46:40","slug":"politica-de-privacidad","status":"publish","type":"page","link":"https:\/\/capacitador.info\/es\/politica-de-privacidad\/","title":{"rendered":"Pol\u00edtica de Privacidad"},"content":{"rendered":"<p>[et_pb_section fb_built=\u00bb1&#8243; _builder_version=\u00bb4.16&#8243; global_colors_info=\u00bb{}\u00bb][et_pb_row _builder_version=\u00bb4.16&#8243; background_size=\u00bbinitial\u00bb background_position=\u00bbtop_left\u00bb background_repeat=\u00bbrepeat\u00bb global_colors_info=\u00bb{}\u00bb][et_pb_column type=\u00bb4_4&#8243; _builder_version=\u00bb4.16&#8243; custom_padding=\u00bb|||\u00bb global_colors_info=\u00bb{}\u00bb custom_padding__hover=\u00bb|||\u00bb][et_pb_text _builder_version=\u00bb4.16&#8243; background_size=\u00bbinitial\u00bb background_position=\u00bbtop_left\u00bb background_repeat=\u00bbrepeat\u00bb global_colors_info=\u00bb{}\u00bb]<\/p>\n<p><strong>POL\u00cdTICA DE PRIVACIDAD<\/strong><\/p>\n<p>Informaci\u00f3n b\u00e1sica sobre protecci\u00f3n de datos en base al Reglamento Europeo de Protecci\u00f3n de datos (UE) 2016\/679 (RGPD)<\/p>\n<p>\u2013 Responsable de la web y fichero: Carles Porcel L\u00f3pez<\/p>\n<p>\u2013 Finalidad de los ficheros: Informar regularmente de nuestras actividades.<\/p>\n<p>\u2013 Legitimaci\u00f3n: Consentimiento expreso del usuario a trav\u00e9s de la selecci\u00f3n de la casilla <em>check<\/em> de env\u00edo del formulario o por llamada telef\u00f3nica. Consentimiento del interesado.<\/p>\n<p>Alojamiento de la web en: https:\/\/www.infomaniak.com\/es<br \/>Empresa env\u00edo massmailing: https:\/\/acumbamail.com\/<\/p>\n<p>\u2013 Derechos: Podr\u00e1 ejercitar los derechos de acceso, rectificaci\u00f3n, supresi\u00f3n, oposici\u00f3n, portabilidad y retirada de consentimiento de sus datos personales en la direcci\u00f3n de correo electr\u00f3nico carles[@]capacitador.info.<\/p>\n<p><strong>Confidencialidad y protecci\u00f3n de datos<\/strong><\/p>\n<p>A efectos de lo previsto en la Ley Org\u00e1nica 15\/1999, de 13 de diciembre, de<br \/>Protecci\u00f3n de Datos de Car\u00e1cter Personal, CARLES PORCEL L\u00d3PEZ informa al usuario de la existencia de un fichero automatizado de datos de car\u00e1cter personal creado por y para CARLES PORCEL L\u00d3PEZ y bajo su responsabilidad, con la finalidad de realizar el mantenimiento y gesti\u00f3n de la relaci\u00f3n con el Usuario, as\u00ed como las labores de informaci\u00f3n. En el momento de la aceptaci\u00f3n de las presentes condiciones generales, CARLES PORCEL L\u00d3PEZ precisar\u00e1 del usuario la recogida de unos datos imprescindibles para la prestaci\u00f3n de sus servicios y\/o informaci\u00f3n.<\/p>\n<p><strong>Registro de ficheros y formularios<\/strong><\/p>\n<p>La cumplimentaci\u00f3n del formulario de registro es obligatoria para acceder y disfrutar de determinados servicios ofrecidos en la Web o recibir la informaci\u00f3n solicitada. El no facilitar los datos personales solicitados o el no aceptar la presente pol\u00edtica de protecci\u00f3n de datos supone la imposibilidad de informarle, suscribirse, registrarse o participar en cualquiera de las promociones en las que se soliciten datos de car\u00e1cter personal. De acuerdo a lo establecido en la Ley Org\u00e1nica 15\/1999, de 13 de diciembre, de Protecci\u00f3n de Datos de Car\u00e1cter Personal, le informamos que los datos personales que se obtengan como consecuencia de su registro como Usuario o como consecuencia de la cumplimentaci\u00f3n del formulario de contacto, ser\u00e1n incorporados a un fichero titularidad de CARLES PORCEL L\u00d3PEZ con CIF\/NIF 39321889P y con domicilio en Font d&#8217;En Corts, 87,\u00a0 46013 VALENCIA, Valencia teniendo implementadas las medidas de seguridad establecidas en el Real Decreto 1720\/2007, de 21 de diciembre.<\/p>\n<p><strong>Exactitud y veracidad de los datos<\/strong><\/p>\n<p>El usuario es el \u00fanico responsable de la veracidad y correcci\u00f3n de los datos incluidos e informados, exoner\u00e1ndose a CARLES PORCEL L\u00d3PEZ de cualquier responsabilidad al respecto. Los usuarios garantizan y responden, en cualquier caso, de la exactitud, vigencia y autenticidad de los datos personales facilitados, y se comprometen a mantenerlos debidamente actualizados. El usuario acepta proporcionar informaci\u00f3n completa y correcta en el formulario de contacto, registro o suscripci\u00f3n. CARLES PORCEL L\u00d3PEZ no responde de la veracidad de las informaciones que nos sean de elaboraci\u00f3n propia y de las que indique otra fuente, por lo que tampoco asume responsabilidad alguna en cuanto a hipot\u00e9ticos perjuicios que pudieran originarse por el uso de dicha informaci\u00f3n. CARLES PORCEL L\u00d3PEZ se reserva el derecho a actualizar, modificar o eliminar la informaci\u00f3n contenida en sus p\u00e1ginas Web pudiendo incluso limitar o no permitir el acceso a dicha informaci\u00f3n. Se exonera a CARLES PORCEL L\u00d3PEZ de responsabilidad ante cualquier da\u00f1o o perjuicio que pudiera sufrir el Usuario como consecuencia de errores, defectos u omisiones, en la informaci\u00f3n facilitada por CARLES PORCEL L\u00d3PEZ siempre que proceda de fuentes ajenas a CARLES PORCEL L\u00d3PEZ.<\/p>\n<p><strong>Galletas (Cookies)<\/strong><\/p>\n<p>El sitio www.capacitador.info solamente utiliza cookies para guardar el idioma de navegaci\u00f3n; castellano o valenciano. De todas formas, el usuario tiene posibilidad de configurar el navegador de tal modo que impida la instalaci\u00f3n de estos archivos.<\/p>\n<p><strong>Finalidades<\/strong><\/p>\n<p>Las finalidades de CARLES PORCEL L\u00d3PEZ son el mantenimiento y gesti\u00f3n de la relaci\u00f3n con el usuario y enviarle informaci\u00f3n de nuestros productos y servicios.<\/p>\n<p><strong>Menores de edad<\/strong><\/p>\n<p>En el supuesto que algunos de nuestros servicios vayan dirigidos espec\u00edficamente a menores de edad, CARLES PORCEL L\u00d3PEZ solicitar\u00e1 la conformidad de los padres o tutores para la recogida de los datos personales o, en su caso, para el tratamiento automatizado de los datos.<\/p>\n<p><strong>Cesi\u00f3n de datos a terceros<\/strong><\/p>\n<p>CARLES PORCEL L\u00d3PEZ no realizar\u00e1 cesi\u00f3n de datos de los usuarios a terceros.<\/p>\n<p>[\/et_pb_text][\/et_pb_column][\/et_pb_row][\/et_pb_section]<\/p>\n","protected":false},"excerpt":{"rendered":"<p>POL\u00cdTICA DE PRIVACIDAD Informaci\u00f3n b\u00e1sica sobre protecci\u00f3n de datos en base al Reglamento Europeo de Protecci\u00f3n de datos (UE) 2016\/679 (RGPD) \u2013 Responsable de la web y fichero: Carles Porcel L\u00f3pez \u2013 Finalidad de los ficheros: Informar regularmente de nuestras actividades. \u2013 Legitimaci\u00f3n: Consentimiento expreso del usuario a trav\u00e9s de la selecci\u00f3n de la casilla [&hellip;]<\/p>\n","protected":false},"author":2,"featured_media":0,"parent":0,"menu_order":0,"comment_status":"closed","ping_status":"closed","template":"","meta":{"_et_pb_use_builder":"on","_et_pb_old_content":"<p><strong>POL\u00cdTICA DE PRIVACIDAD<\/strong><\/p><form id=\"commentform\" class=\"comment-form\" action=\"https:\/\/ovacen.com\/wp-comments-post.php\" method=\"post\" novalidate=\"\"><div class=\"rgpd-antes\"><p>Informaci\u00f3n b\u00e1sica sobre protecci\u00f3n de datos en base al Reglamento Europeo de Protecci\u00f3n de datos (UE) 2016\/679 (RGPD)<\/p><\/div><\/form><p>-\u00a0<strong>Responsable de la web y fichero<\/strong>: Carles Porcel L\u00f3pez<\/p><p>-\u00a0<strong>Finalidad de los ficheros<\/strong>: Informar regularmente de nuestras actividades.<\/p><p>-\u00a0<strong>Legitimaci\u00f3n<\/strong>: Consentimiento expreso del usuario a trav\u00e9s de la selecci\u00f3n de la casilla check de env\u00edo del formulario o por llamada telef\u00f3nica. Consentimiento del interesado.<\/p><p>Alojamiento de la web en: https:\/\/infortelecom.es\/<\/p><p>Empresa env\u00edo massmailing: http:\/\/emailagent.es\/<\/p><p>-\u00a0<strong>Derechos<\/strong>: Podr\u00e1 ejercitar los derechos de acceso, rectificaci\u00f3n, supresi\u00f3n, oposici\u00f3n, portabilidad y retirada de consentimiento de sus datos personales en la direcci\u00f3n de correo electr\u00f3nico\u00a0<a href=\"http:\/\/www.capacitador.es\/politica-privacidad\/carles@capacitador.es\">carles[@]capacitador.es<\/a>.<\/p><p>\u00a0<\/p><p><strong>Confidencialidad y protecci\u00f3n de datos<\/strong><\/p><p>A efectos de lo previsto en la Ley Org\u00e1nica 15\/1999, de 13 de diciembre, de Protecci\u00f3n de Datos de Car\u00e1cter Personal, CARLES PORCEL L\u00d3PEZ informa al usuario de la existencia de un fichero automatizado de datos de car\u00e1cter personal creado por y para CARLES PORCEL L\u00d3PEZ y bajo su responsabilidad, con la finalidad de realizar el mantenimiento y gesti\u00f3n de la relaci\u00f3n con el Usuario, as\u00ed como las labores de informaci\u00f3n. En el momento de la aceptaci\u00f3n de las presentes condiciones generales, CARLES PORCEL L\u00d3PEZ precisar\u00e1 del usuario la recogida de unos datos imprescindibles para la prestaci\u00f3n de sus servicios y\/o informaci\u00f3n.<\/p><p><strong>Registro de ficheros y formularios<\/strong><\/p><p>La cumplimentaci\u00f3n del formulario de registro es obligatoria para acceder y disfrutar de determinados servicios ofrecidos en la Web o recibir la informaci\u00f3n solicitada. El no facilitar los datos personales solicitados o el no aceptar la presente pol\u00edtica de protecci\u00f3n de datos supone la imposibilidad de informarle, suscribirse, registrarse o participar en cualquiera de las promociones en las que se soliciten datos de car\u00e1cter personal.<br \/>De acuerdo a lo establecido en la Ley Org\u00e1nica 15\/1999, de 13 de diciembre, de Protecci\u00f3n de Datos de Car\u00e1cter Personal, le informamos que los datos personales que se obtengan como consecuencia de su registro como Usuario o como consecuencia de la cumplimentaci\u00f3n del formulario de contacto, ser\u00e1n incorporados a un fichero titularidad de CARLES PORCEL L\u00d3PEZ con CIF\/NIF 39321889P y con domicilio en CL. MARQU\u00c9S DE LOZOYA, 1 \u2013 PTA. 1, 46013 VALENCIA, Valencia teniendo implementadas las medidas de seguridad establecidas en el Real Decreto 1720\/2007, de 21 de Diciembre.<\/p><p><strong>Exactitud y veracidad de los datos<\/strong><\/p><p>El usuario es el \u00fanico responsable de la veracidad y correcci\u00f3n de los datos incluidos e informados, exoner\u00e1ndose a CARLES PORCEL L\u00d3PEZ de cualquier responsabilidad al respecto. Los usuarios garantizan y responden, en cualquier caso, de la exactitud, vigencia y autenticidad de los datos personales facilitados, y se comprometen a mantenerlos debidamente actualizados. El usuario acepta proporcionar informaci\u00f3n completa y correcta en el formulario de contacto, registro o suscripci\u00f3n.<br \/>CARLES PORCEL L\u00d3PEZ no responde de la veracidad de las informaciones que nos sean de elaboraci\u00f3n propia y de las que indique otra fuente, por lo que tampoco asume responsabilidad alguna en cuanto a hipot\u00e9ticos perjuicios que pudieran originarse por el uso de dicha informaci\u00f3n.<br \/>CARLES PORCEL L\u00d3PEZ se reserva el derecho a actualizar, modificar o eliminar la informaci\u00f3n contenida en sus p\u00e1ginas Web pudiendo incluso limitar o no permitir el acceso a dicha informaci\u00f3n.<br \/>Se exonera a CARLES PORCEL L\u00d3PEZ de responsabilidad ante cualquier da\u00f1o o perjuicio que pudiera sufrir el Usuario como consecuencia de errores, defectos u omisiones, en la informaci\u00f3n facilitada por CARLES PORCEL L\u00d3PEZ siempre que proceda de fuentes ajenas a CARLES PORCEL L\u00d3PEZ.<\/p><p><strong>Galletas (Cookies)<\/strong><\/p><p>El sitio www.capacitador.es solamente utiliza cookies para guardar el idioma de navegaci\u00f3n; castellano o valenciano.<br \/>De todas formas, el usuario tiene posibilidad de configurar el navegador de tal modo que impida la instalaci\u00f3n de estos archivos.<\/p><p><strong>Finalidades<\/strong><\/p><p>Las finalidades de CARLES PORCEL L\u00d3PEZ son el mantenimiento y gesti\u00f3n de la relaci\u00f3n con el usuario y enviarle informaci\u00f3n de nuestros productos y servicios.<\/p><p><strong>Menores de edad<\/strong><\/p><p>En el supuesto que algunos de nuestros servicios vayan dirigidos espec\u00edficamente a menores de edad, CARLES PORCEL L\u00d3PEZ solicitar\u00e1 la conformidad de los padres o tutores para la recogida de los datos personales o, en su caso, para el tratamiento automatizado de los datos.<\/p><p><strong>Cesi\u00f3n de datos a terceros<\/strong><\/p><p>CARLES PORCEL L\u00d3PEZ no realizar\u00e1 cesi\u00f3n de datos de los usuarios a terceros.<\/p>","_et_gb_content_width":"","_joinchat":[],"footnotes":""},"class_list":["post-31982","page","type-page","status-publish","hentry"],"aioseo_notices":[],"_links":{"self":[{"href":"https:\/\/capacitador.info\/es\/wp-json\/wp\/v2\/pages\/31982","targetHints":{"allow":["GET"]}}],"collection":[{"href":"https:\/\/capacitador.info\/es\/wp-json\/wp\/v2\/pages"}],"about":[{"href":"https:\/\/capacitador.info\/es\/wp-json\/wp\/v2\/types\/page"}],"author":[{"embeddable":true,"href":"https:\/\/capacitador.info\/es\/wp-json\/wp\/v2\/users\/2"}],"replies":[{"embeddable":true,"href":"https:\/\/capacitador.info\/es\/wp-json\/wp\/v2\/comments?post=31982"}],"version-history":[{"count":0,"href":"https:\/\/capacitador.info\/es\/wp-json\/wp\/v2\/pages\/31982\/revisions"}],"wp:attachment":[{"href":"https:\/\/capacitador.info\/es\/wp-json\/wp\/v2\/media?parent=31982"}],"curies":[{"name":"wp","href":"https:\/\/api.w.org\/{rel}","templated":true}]}}